{"id":122,"date":"2017-06-08T16:47:08","date_gmt":"2017-06-08T22:47:08","guid":{"rendered":"http:\/\/www.stanthonysdenver.org\/?page_id=122"},"modified":"2017-06-09T12:58:46","modified_gmt":"2017-06-09T18:58:46","slug":"grupos","status":"publish","type":"page","link":"https:\/\/www.stanthonysdenver.org\/es\/comunidad\/grupos\/","title":{"rendered":"Grupos"},"content":{"rendered":"<p>&#8220;Somos el Cuerpo de Cristo&#8221;<br \/>\nLa comunidad est\u00e1 en el coraz\u00f3n de Dios. Como cristianos creemos que Dios es trinitario &#8211; Padre, Hijo y Esp\u00edritu Santo, y son las relaciones entre las tres personas de la Sant\u00edsima Trinidad las que nos llaman en relaci\u00f3n mutua. Una de las maneras en las que hacemos esto en St. Anthony es patrocinando a varios grupos para permitir que nuestros feligreses se conecten entre s\u00ed y crezcan juntos en su fe.<\/p>\n<div id=\"ccchildpages-1\" class=\"ccchildpages onecol simple ccclearfix\"><div class=\"ccchildpage  ccodd ccpage-count-1 ccpage-id-126 ccpage-alar-y-rosario ccpage-has-parent ccpage-pid-122 ccpage-parent-grupos\"><h3>Alar y Rosario<\/h3><div class=\"ccpages_excerpt\">\u00bfQu\u00e9 es la Sociedad del Altar y el Rosario? La Sociedad Altar y Rosario es un grupo de voluntarios que ayudan a la iglesia de muchas maneras. Ha sido de servicio a la iglesia de San Antonio de Padua por m\u00e1s de 50 a\u00f1os. \u00bfCu\u00e1ndo se re\u00fane la Sociedad? Las reuniones se llevan a cabo...<\/div><p class=\"ccpages_more\"><a href=\"https:\/\/www.stanthonysdenver.org\/es\/comunidad\/grupos\/alar-y-rosario\/\"  title=\"Read more ...\">Read more ...<\/a><\/p><\/div><div class=\"ccchildpage  cceven ccpage-count-2 ccpage-id-132 ccpage-comunicaciones ccpage-has-parent ccpage-pid-122 ccpage-parent-grupos\"><h3>Comunicaciones<\/h3><div class=\"ccpages_excerpt\">Oraci\u00f3n a San Gabriel - Patrona de los Trabajadores de la Comunicaci\u00f3n. \"Oh Dios, que de entre todos tus \u00e1ngeles escogiste al Arc\u00e1ngel Gabriel para anunciar el misterio de la Encarnaci\u00f3n, concede misericordiosamente que nosotros que proclamamos el mensaje de tu Evangelio en la tierra, podamos sentir el beneficio de su patrocinio en el cielo,...<\/div><p class=\"ccpages_more\"><a href=\"https:\/\/www.stanthonysdenver.org\/es\/comunidad\/grupos\/comunicaciones\/\"  title=\"Read more ...\">Read more ...<\/a><\/p><\/div><div class=\"ccchildpage  ccodd ccpage-count-3 ccpage-id-136 ccpage-adoracion-eucaristica ccpage-has-parent ccpage-pid-122 ccpage-parent-grupos\"><h3>Adoraci\u00f3n Eucar\u00edstica<\/h3><div class=\"ccpages_excerpt\">San Pablo Juan Pablo II dijo: \"S\u00e9 una gu\u00eda de Cristo para nosotros, Mar\u00eda\" (Toronto, 1984). As\u00ed como el Esp\u00edritu Santo llen\u00f3 a Isabel cuando oy\u00f3 el saludo de Mar\u00eda en la Visitaci\u00f3n, nosotros tambi\u00e9n somos llamados a responder a la invitaci\u00f3n de Dios. \"Mi alma proclama la grandeza del Se\u00f1or; Mi esp\u00edritu se regocija...<\/div><p class=\"ccpages_more\"><a href=\"https:\/\/www.stanthonysdenver.org\/es\/comunidad\/grupos\/adoracion-eucaristica\/\"  title=\"Read more ...\">Read more ...<\/a><\/p><\/div><div class=\"ccchildpage  cceven ccpage-count-4 ccpage-id-140 ccpage-consejo-de-los-caballeros-de-colon-4796 ccpage-has-parent ccpage-pid-122 ccpage-parent-grupos\"><h3>Consejo de los Caballeros de Col\u00f3n 4796<\/h3><div class=\"ccpages_excerpt\">Qu\u00e9 Hacemos \u00bfUsted y su familia han visto alguna vez la transmisi\u00f3n de la misa de medianoche del Papa Juan Pablo II en la Bas\u00edlica de San Pedro en Roma en Nochebuena? Bueno, los Caballeros de Col\u00f3n son la organizaci\u00f3n que suscribe los costos de radiodifusi\u00f3n televisiva desde el Vaticano, y lo ha hecho desde...<\/div><p class=\"ccpages_more\"><a href=\"https:\/\/www.stanthonysdenver.org\/es\/comunidad\/grupos\/consejo-de-los-caballeros-de-colon-4796\/\"  title=\"Read more ...\">Read more ...<\/a><\/p><\/div><div class=\"ccchildpage  ccodd ccpage-count-5 ccpage-id-144 ccpage-adoracion-nocturna ccpage-has-parent ccpage-pid-122 ccpage-parent-grupos\"><h3>Adoraci\u00f3n  Nocturna<\/h3><div class=\"ccpages_excerpt\">Adoraci\u00f3n\u00a0 Nocturna es un grupo que se re\u00fane el primer s\u00e1bado por la noche de cada mes. Las familias vigilan a Nuestro Se\u00f1or hasta la medianoche y luego los hombres celebran una vigilia nocturna. Este grupo tiene una gran devoci\u00f3n a orar la Liturgia de las Horas y el Rosario mientras est\u00e1 en la Adoraci\u00f3n...<\/div><p class=\"ccpages_more\"><a href=\"https:\/\/www.stanthonysdenver.org\/es\/comunidad\/grupos\/adoracion-nocturna\/\"  title=\"Read more ...\">Read more ...<\/a><\/p><\/div><div class=\"ccchildpage  cceven ccpage-count-6 ccpage-id-147 ccpage-respeta-la-vida ccpage-has-parent ccpage-pid-122 ccpage-parent-grupos\"><h3>Respeta la vida<\/h3><div class=\"ccpages_excerpt\">Respeta la vida \"Jes\u00fas, Mar\u00eda y Jos\u00e9, te amo mucho. Os ruego que perdon\u00e9is la vida de [el nombre del beb\u00e9] al feto que he adoptado espiritualmente y que est\u00e1 en peligro de abortar \". - Oraci\u00f3n del Arzobispo Fulton J. Sheen Defender a los inocentes Respeto El trabajo de la vida consiste en orar...<\/div><p class=\"ccpages_more\"><a href=\"https:\/\/www.stanthonysdenver.org\/es\/comunidad\/grupos\/respeta-la-vida\/\"  title=\"Read more ...\">Read more ...<\/a><\/p><\/div><\/div>\n","protected":false},"excerpt":{"rendered":"<p>&#8220;Somos el Cuerpo de Cristo&#8221; La comunidad est\u00e1 en el coraz\u00f3n de Dios. Como cristianos creemos que Dios es trinitario &#8211; Padre, Hijo y Esp\u00edritu Santo, y son las relaciones entre las tres personas de la Sant\u00edsima Trinidad las que nos llaman en relaci\u00f3n mutua. Una de las maneras en las que hacemos esto en &hellip; <\/p>\n<p class=\"link-more\"><a href=\"https:\/\/www.stanthonysdenver.org\/es\/comunidad\/grupos\/respeta-la-vida\/\" class=\"more-link\">Continuar leyendo<span class=\"screen-reader-text\"> &#8220;Respeta la vida&#8221;<\/span><\/a><\/p>\n","protected":false},"author":1,"featured_media":0,"parent":113,"menu_order":0,"comment_status":"closed","ping_status":"closed","template":"","meta":{"_mi_skip_tracking":false,"_exactmetrics_sitenote_active":false,"_exactmetrics_sitenote_note":"","_exactmetrics_sitenote_category":0,"ngg_post_thumbnail":0,"spay_email":""},"jetpack_sharing_enabled":true,"jetpack_shortlink":"https:\/\/wp.me\/P8P0id-1Y","jetpack-related-posts":[{"id":136,"url":"https:\/\/www.stanthonysdenver.org\/es\/comunidad\/grupos\/adoracion-eucaristica\/","url_meta":{"origin":122,"position":0},"title":"Adoraci\u00f3n Eucar\u00edstica","date":"8 junio, 2017","format":false,"excerpt":"San Pablo Juan Pablo II dijo: \"S\u00e9 una gu\u00eda de Cristo para nosotros, Mar\u00eda\" (Toronto, 1984). As\u00ed como el Esp\u00edritu Santo llen\u00f3 a Isabel cuando oy\u00f3 el saludo de Mar\u00eda en la Visitaci\u00f3n, nosotros tambi\u00e9n somos llamados a responder a la invitaci\u00f3n de Dios. \"Mi alma proclama la grandeza del\u2026","rel":"","context":"Entrada similar ","img":{"alt_text":"","src":"","width":0,"height":0},"classes":[]},{"id":132,"url":"https:\/\/www.stanthonysdenver.org\/es\/comunidad\/grupos\/comunicaciones\/","url_meta":{"origin":122,"position":1},"title":"Comunicaciones","date":"8 junio, 2017","format":false,"excerpt":"Oraci\u00f3n a San Gabriel - Patrona de los Trabajadores de la Comunicaci\u00f3n. \"Oh Dios, que de entre todos tus \u00e1ngeles escogiste al Arc\u00e1ngel Gabriel para anunciar el misterio de la Encarnaci\u00f3n, concede misericordiosamente que nosotros que proclamamos el mensaje de tu Evangelio en la tierra, podamos sentir el beneficio de\u2026","rel":"","context":"Entrada similar ","img":{"alt_text":"","src":"","width":0,"height":0},"classes":[]},{"id":126,"url":"https:\/\/www.stanthonysdenver.org\/es\/comunidad\/grupos\/alar-y-rosario\/","url_meta":{"origin":122,"position":2},"title":"Alar y Rosario","date":"8 junio, 2017","format":false,"excerpt":"\u00bfQu\u00e9 es la Sociedad del Altar y el Rosario? La Sociedad Altar y Rosario es un grupo de voluntarios que ayudan a la iglesia de muchas maneras. Ha sido de servicio a la iglesia de San Antonio de Padua por m\u00e1s de 50 a\u00f1os. \u00bfCu\u00e1ndo se re\u00fane la Sociedad? Las\u2026","rel":"","context":"Entrada similar ","img":{"alt_text":"","src":"","width":0,"height":0},"classes":[]},{"id":164,"url":"https:\/\/www.stanthonysdenver.org\/es\/clero-y-seminaristas\/","url_meta":{"origin":122,"position":3},"title":"Clero y seminaristas","date":"6 junio, 2017","format":false,"excerpt":"Actualmente, nuestra parroquia es atendida por tres sacerdotes y un di\u00e1cono. Ven y con\u00f3celos mejor. Padre Arturo Chagala - Pastor (Esta informaci\u00f3n a\u00fan no ha sido proporcionada). Padre Miljenko Pavkovic - Vicario (Esta informaci\u00f3n a\u00fan no ha sido proporcionada). Padre Pedro Urban - Jubilado Hay dos palabras que el padre\u2026","rel":"","context":"Entrada similar ","img":{"alt_text":"","src":"https:\/\/i0.wp.com\/www.stanthonysdenver.org\/es\/wp-content\/uploads\/sites\/2\/2022\/08\/Arturo-300x300-1.jpg?resize=350%2C200","width":350,"height":200},"classes":[]},{"id":144,"url":"https:\/\/www.stanthonysdenver.org\/es\/comunidad\/grupos\/adoracion-nocturna\/","url_meta":{"origin":122,"position":4},"title":"Adoraci\u00f3n  Nocturna","date":"8 junio, 2017","format":false,"excerpt":"Adoraci\u00f3n\u00a0 Nocturna es un grupo que se re\u00fane el primer s\u00e1bado por la noche de cada mes. Las familias vigilan a Nuestro Se\u00f1or hasta la medianoche y luego los hombres celebran una vigilia nocturna. Este grupo tiene una gran devoci\u00f3n a orar la Liturgia de las Horas y el Rosario\u2026","rel":"","context":"Entrada similar ","img":{"alt_text":"","src":"","width":0,"height":0},"classes":[]},{"id":147,"url":"https:\/\/www.stanthonysdenver.org\/es\/comunidad\/grupos\/respeta-la-vida\/","url_meta":{"origin":122,"position":5},"title":"Respeta la vida","date":"8 junio, 2017","format":false,"excerpt":"Respeta la vida \"Jes\u00fas, Mar\u00eda y Jos\u00e9, te amo mucho. Os ruego que perdon\u00e9is la vida de [el nombre del beb\u00e9] al feto que he adoptado espiritualmente y que est\u00e1 en peligro de abortar \". - Oraci\u00f3n del Arzobispo Fulton J. Sheen Defender a los inocentes Respeto El trabajo de\u2026","rel":"","context":"Entrada similar ","img":{"alt_text":"","src":"","width":0,"height":0},"classes":[]}],"_links":{"self":[{"href":"https:\/\/www.stanthonysdenver.org\/es\/wp-json\/wp\/v2\/pages\/122"}],"collection":[{"href":"https:\/\/www.stanthonysdenver.org\/es\/wp-json\/wp\/v2\/pages"}],"about":[{"href":"https:\/\/www.stanthonysdenver.org\/es\/wp-json\/wp\/v2\/types\/page"}],"author":[{"embeddable":true,"href":"https:\/\/www.stanthonysdenver.org\/es\/wp-json\/wp\/v2\/users\/1"}],"replies":[{"embeddable":true,"href":"https:\/\/www.stanthonysdenver.org\/es\/wp-json\/wp\/v2\/comments?post=122"}],"version-history":[{"count":1,"href":"https:\/\/www.stanthonysdenver.org\/es\/wp-json\/wp\/v2\/pages\/122\/revisions"}],"predecessor-version":[{"id":228,"href":"https:\/\/www.stanthonysdenver.org\/es\/wp-json\/wp\/v2\/pages\/122\/revisions\/228"}],"up":[{"embeddable":true,"href":"https:\/\/www.stanthonysdenver.org\/es\/wp-json\/wp\/v2\/pages\/113"}],"wp:attachment":[{"href":"https:\/\/www.stanthonysdenver.org\/es\/wp-json\/wp\/v2\/media?parent=122"}],"curies":[{"name":"wp","href":"https:\/\/api.w.org\/{rel}","templated":true}]}}